{"id":27,"date":"2022-09-14T14:56:36","date_gmt":"2022-09-14T14:56:36","guid":{"rendered":"https:\/\/sindimoveis-go.fisg.com.br\/site\/?page_id=27"},"modified":"2022-12-09T20:11:07","modified_gmt":"2022-12-09T20:11:07","slug":"noticias","status":"publish","type":"page","link":"https:\/\/sindimoveis-go.org.br\/site\/index.php\/noticias\/","title":{"rendered":"Not\u00edcias"},"content":{"rendered":"\n<p class=\"has-text-align-left\">Mantenha-se informado com as not\u00edcias do <strong>Sindimoveis-GO<\/strong>.<\/p>\n\n\n\n\n<div align=\"center\">\n<div style=\"margin: 3px; display: inline-block;\" class=\"CaixaDeNoticias\" onclick=\"window.open('https:\/\/sindimoveis-go.org.br\/site\/index.php\/detalhenoticia\/?Id=16','_parent');\">\n          <table width=\"100%\" border=\"0\" align=\"center\" cellpadding=\"0\" cellspacing=\"0\">\n            <tr style=\"border: hidden;\">\n              <td width=\"320\" height=\"75\"><div><img loading=\"lazy\" decoding=\"async\" src=\"https:\/\/sindimoveis-go.org.br\/gerenciador\/administrativo\/imagens\/configuradas\/noticias\/16.jpg\" alt=\"\" width=\"320\" height=\"195\" align=\"left\" style=\"display: inline-block; margin-right: 6px;\" \/><\/div>\n              <div style=\"display: inline-block;\"><strong>Corretores de Im\u00f3veis celebram o  Dia Nacional do Corretor de Im\u00f3veis<\/strong><\/div>\n              <div align=\"left\"><span style=\"font-size: 11px;\">Publicado em 27\/08\/2024&nbsp;&nbsp;<\/span><\/div>\n              Juntamente com o evento  foi  lan\u00e7ado o livro MANUAL  DO T\u00c9CNICO EM TRANSA\u00c7\u00d5ES IMOBILI\u00c1RIAS, da editora AB .              \n              <\/td>\n            <\/tr>\n    <\/table>\n        <\/div>\n<div style=\"margin: 3px; display: inline-block;\" class=\"CaixaDeNoticias\" onclick=\"window.open('https:\/\/sindimoveis-go.org.br\/site\/index.php\/detalhenoticia\/?Id=15','_parent');\">\n          <table width=\"100%\" border=\"0\" align=\"center\" cellpadding=\"0\" cellspacing=\"0\">\n            <tr style=\"border: hidden;\">\n              <td width=\"320\" height=\"75\"><div><img loading=\"lazy\" decoding=\"async\" src=\"https:\/\/sindimoveis-go.org.br\/gerenciador\/administrativo\/imagens\/configuradas\/noticias\/15.jpg\" alt=\"\" width=\"320\" height=\"195\" align=\"left\" style=\"display: inline-block; margin-right: 6px;\" \/><\/div>\n              <div style=\"display: inline-block;\"><strong>A mina de ouro dos financiamentos e otimismo no curto prazo: o horizonte tra\u00e7ado pela Lopes<\/strong><\/div>\n              <div align=\"left\"><span style=\"font-size: 11px;\">Publicado em 09\/01\/2024&nbsp;&nbsp;<\/span><\/div>\n              A mina de ouro dos financiamentos e otimismo no curto prazo              \n              <\/td>\n            <\/tr>\n    <\/table>\n        <\/div>\n<div style=\"margin: 3px; display: inline-block;\" class=\"CaixaDeNoticias\" onclick=\"window.open('https:\/\/sindimoveis-go.org.br\/site\/index.php\/detalhenoticia\/?Id=14','_parent');\">\n          <table width=\"100%\" border=\"0\" align=\"center\" cellpadding=\"0\" cellspacing=\"0\">\n            <tr style=\"border: hidden;\">\n              <td width=\"320\" height=\"75\"><div><img loading=\"lazy\" decoding=\"async\" src=\"https:\/\/sindimoveis-go.org.br\/gerenciador\/administrativo\/imagens\/configuradas\/noticias\/14.jpg\" alt=\"\" width=\"320\" height=\"195\" align=\"left\" style=\"display: inline-block; margin-right: 6px;\" \/><\/div>\n              <div style=\"display: inline-block;\"><strong>Deleprane Inteligencia Imobiliaria \u00e9 destaque em venda no DF.<\/strong><\/div>\n              <div align=\"left\"><span style=\"font-size: 11px;\">Publicado em 08\/01\/2024&nbsp;&nbsp;<\/span><\/div>\n              Em premia\u00e7\u00e3o do Wimoveis, empresa \u00e9 eleita 1\u00ba Lugar em Vendas Plano Piloto e 1\u00ba Lugar em Imobili\u00e1ria \u00c1guas Claras com servi\u00e7o humanizado              \n              <\/td>\n            <\/tr>\n    <\/table>\n        <\/div>\n<div style=\"margin: 3px; display: inline-block;\" class=\"CaixaDeNoticias\" onclick=\"window.open('https:\/\/sindimoveis-go.org.br\/site\/index.php\/detalhenoticia\/?Id=13','_parent');\">\n          <table width=\"100%\" border=\"0\" align=\"center\" cellpadding=\"0\" cellspacing=\"0\">\n            <tr style=\"border: hidden;\">\n              <td width=\"320\" height=\"75\"><div><img loading=\"lazy\" decoding=\"async\" src=\"https:\/\/sindimoveis-go.org.br\/gerenciador\/administrativo\/imagens\/configuradas\/noticias\/13.png\" alt=\"\" width=\"320\" height=\"195\" align=\"left\" style=\"display: inline-block; margin-right: 6px;\" \/><\/div>\n              <div style=\"display: inline-block;\"><strong>Mercado imobili\u00e1rio : Cen\u00e1rio gera otimismo em 2024, garante Pres. do Cofeci.<\/strong><\/div>\n              <div align=\"left\"><span style=\"font-size: 11px;\">Publicado em 06\/01\/2024&nbsp;&nbsp;<\/span><\/div>\n              Tend\u00eancia do Mercado Imobili\u00e1rio em 2024              \n              <\/td>\n            <\/tr>\n    <\/table>\n        <\/div>\n<div style=\"margin: 3px; display: inline-block;\" class=\"CaixaDeNoticias\" onclick=\"window.open('https:\/\/sindimoveis-go.org.br\/site\/index.php\/detalhenoticia\/?Id=12','_parent');\">\n          <table width=\"100%\" border=\"0\" align=\"center\" cellpadding=\"0\" cellspacing=\"0\">\n            <tr style=\"border: hidden;\">\n              <td width=\"320\" height=\"75\"><div><img loading=\"lazy\" decoding=\"async\" src=\"https:\/\/sindimoveis-go.org.br\/gerenciador\/administrativo\/imagens\/configuradas\/noticias\/12.jpg\" alt=\"\" width=\"320\" height=\"195\" align=\"left\" style=\"display: inline-block; margin-right: 6px;\" \/><\/div>\n              <div style=\"display: inline-block;\"><strong>An\u00e1lise: Perspectivas para propriedade intelectual em 2024<\/strong><\/div>\n              <div align=\"left\"><span style=\"font-size: 11px;\">Publicado em 05\/01\/2024&nbsp;&nbsp;<\/span><\/div>\n              A tend\u00eancia 2024              \n              <\/td>\n            <\/tr>\n    <\/table>\n        <\/div>\n<div style=\"margin: 3px; display: inline-block;\" class=\"CaixaDeNoticias\" onclick=\"window.open('https:\/\/sindimoveis-go.org.br\/site\/index.php\/detalhenoticia\/?Id=11','_parent');\">\n          <table width=\"100%\" border=\"0\" align=\"center\" cellpadding=\"0\" cellspacing=\"0\">\n            <tr style=\"border: hidden;\">\n              <td width=\"320\" height=\"75\"><div><img loading=\"lazy\" decoding=\"async\" src=\"https:\/\/sindimoveis-go.org.br\/gerenciador\/administrativo\/imagens\/configuradas\/noticias\/11.jpg\" alt=\"\" width=\"320\" height=\"195\" align=\"left\" style=\"display: inline-block; margin-right: 6px;\" \/><\/div>\n              <div style=\"display: inline-block;\"><strong>O que esperar dos pre\u00e7os dos im\u00f3veis no Brasil e em outros mercados em 2024<\/strong><\/div>\n              <div align=\"left\"><span style=\"font-size: 11px;\">Publicado em 29\/12\/2023&nbsp;&nbsp;<\/span><\/div>\n              Estado teve v\u00e1rios munic\u00edpios bem posicionados nas diversas categorias              \n              <\/td>\n            <\/tr>\n    <\/table>\n        <\/div>\n<div style=\"margin: 3px; display: inline-block;\" class=\"CaixaDeNoticias\" onclick=\"window.open('https:\/\/sindimoveis-go.org.br\/site\/index.php\/detalhenoticia\/?Id=10','_parent');\">\n          <table width=\"100%\" border=\"0\" align=\"center\" cellpadding=\"0\" cellspacing=\"0\">\n            <tr style=\"border: hidden;\">\n              <td width=\"320\" height=\"75\"><div><img loading=\"lazy\" decoding=\"async\" src=\"https:\/\/sindimoveis-go.org.br\/gerenciador\/administrativo\/imagens\/configuradas\/noticias\/10.jpeg\" alt=\"\" width=\"320\" height=\"195\" align=\"left\" style=\"display: inline-block; margin-right: 6px;\" \/><\/div>\n              <div style=\"display: inline-block;\"><strong>Sindim\u00f3veis Goi\u00e1s lan\u00e7a o I Pr\u00eamio Top Corretor 2023<\/strong><\/div>\n              <div align=\"left\"><span style=\"font-size: 11px;\">Publicado em 07\/06\/2023&nbsp;&nbsp;<\/span><\/div>\n                            \n              <\/td>\n            <\/tr>\n    <\/table>\n        <\/div>\n<div style=\"margin: 3px; display: inline-block;\" class=\"CaixaDeNoticias\" onclick=\"window.open('https:\/\/sindimoveis-go.org.br\/site\/index.php\/detalhenoticia\/?Id=9','_parent');\">\n          <table width=\"100%\" border=\"0\" align=\"center\" cellpadding=\"0\" cellspacing=\"0\">\n            <tr style=\"border: hidden;\">\n              <td width=\"320\" height=\"75\"><div><img loading=\"lazy\" decoding=\"async\" src=\"https:\/\/sindimoveis-go.org.br\/gerenciador\/administrativo\/imagens\/configuradas\/noticias\/9.jpg\" alt=\"\" width=\"320\" height=\"195\" align=\"left\" style=\"display: inline-block; margin-right: 6px;\" \/><\/div>\n              <div style=\"display: inline-block;\"><strong>Mercado imobili\u00e1rio aquecido? 5 fatos confirmam a tese<\/strong><\/div>\n              <div align=\"left\"><span style=\"font-size: 11px;\">Publicado em 23\/12\/2022&nbsp;&nbsp;<\/span><\/div>\n              Desafios n\u00e3o faltaram ao longo de 2022, mas a reta final do ano revela evid\u00eancias de um mercado imobili\u00e1rio ainda aquecido.              \n              <\/td>\n            <\/tr>\n    <\/table>\n        <\/div>\n<div style=\"margin: 3px; display: inline-block;\" class=\"CaixaDeNoticias\" onclick=\"window.open('https:\/\/sindimoveis-go.org.br\/site\/index.php\/detalhenoticia\/?Id=8','_parent');\">\n          <table width=\"100%\" border=\"0\" align=\"center\" cellpadding=\"0\" cellspacing=\"0\">\n            <tr style=\"border: hidden;\">\n              <td width=\"320\" height=\"75\"><div><img loading=\"lazy\" decoding=\"async\" src=\"https:\/\/sindimoveis-go.org.br\/gerenciador\/administrativo\/imagens\/configuradas\/noticias\/8.jpg\" alt=\"\" width=\"320\" height=\"195\" align=\"left\" style=\"display: inline-block; margin-right: 6px;\" \/><\/div>\n              <div style=\"display: inline-block;\"><strong>Sal\u00e1rios atrativos e flexibilidade atraem mulheres para carreira de corretora de im\u00f3veis<\/strong><\/div>\n              <div align=\"left\"><span style=\"font-size: 11px;\">Publicado em 20\/12\/2022&nbsp;&nbsp;<\/span><\/div>\n              Levantamento do DataZap+ apontou que as mulheres j\u00e1 s\u00e3o a maioria entre os profissionais que trabalham como corretores de im\u00f3veis no pa\u00eds              \n              <\/td>\n            <\/tr>\n    <\/table>\n        <\/div>\n<div style=\"margin: 3px; display: inline-block;\" class=\"CaixaDeNoticias\" onclick=\"window.open('https:\/\/sindimoveis-go.org.br\/site\/index.php\/detalhenoticia\/?Id=7','_parent');\">\n          <table width=\"100%\" border=\"0\" align=\"center\" cellpadding=\"0\" cellspacing=\"0\">\n            <tr style=\"border: hidden;\">\n              <td width=\"320\" height=\"75\"><div><img loading=\"lazy\" decoding=\"async\" src=\"https:\/\/sindimoveis-go.org.br\/gerenciador\/administrativo\/imagens\/configuradas\/noticias\/7.jpg\" alt=\"\" width=\"320\" height=\"195\" align=\"left\" style=\"display: inline-block; margin-right: 6px;\" \/><\/div>\n              <div style=\"display: inline-block;\"><strong>Metade dos consumidores cogita acelerar compra de im\u00f3vel<\/strong><\/div>\n              <div align=\"left\"><span style=\"font-size: 11px;\">Publicado em 12\/12\/2022&nbsp;&nbsp;<\/span><\/div>\n              A decis\u00e3o de compra de im\u00f3vel pode ser acelerada em breve com as mudan\u00e7as previstas para a economia do pa\u00eds. O governo eleito sinalizou que vai incentivar a retomada do segmento de baixa renda, o que tende a gerar novos ventos para o imobili\u00e1rio.              \n              <\/td>\n            <\/tr>\n    <\/table>\n        <\/div>\n<div style=\"margin: 3px; display: inline-block;\" class=\"CaixaDeNoticias\" onclick=\"window.open('https:\/\/sindimoveis-go.org.br\/site\/index.php\/detalhenoticia\/?Id=5','_parent');\">\n          <table width=\"100%\" border=\"0\" align=\"center\" cellpadding=\"0\" cellspacing=\"0\">\n            <tr style=\"border: hidden;\">\n              <td width=\"320\" height=\"75\"><div><img loading=\"lazy\" decoding=\"async\" src=\"https:\/\/sindimoveis-go.org.br\/gerenciador\/administrativo\/imagens\/configuradas\/noticias\/5.jpg\" alt=\"\" width=\"320\" height=\"195\" align=\"left\" style=\"display: inline-block; margin-right: 6px;\" \/><\/div>\n              <div style=\"display: inline-block;\"><strong>Primeiro im\u00f3vel digital do Brasil conquista 400 propriet\u00e1rios em 120 dias<\/strong><\/div>\n              <div align=\"left\"><span style=\"font-size: 11px;\">Publicado em 09\/12\/2022&nbsp;&nbsp;<\/span><\/div>\n              Seguindo o modelo peer-to-peer, vendas da sala comercial em Porto Alegre acontecem pelo sistema de fra\u00e7\u00f5es na wallet da netspaces, respons\u00e1vel pela digitaliza\u00e7\u00e3o do im\u00f3vel              \n              <\/td>\n            <\/tr>\n    <\/table>\n        <\/div>\n<div style=\"margin: 3px; display: inline-block;\" class=\"CaixaDeNoticias\" onclick=\"window.open('https:\/\/sindimoveis-go.org.br\/site\/index.php\/detalhenoticia\/?Id=6','_parent');\">\n          <table width=\"100%\" border=\"0\" align=\"center\" cellpadding=\"0\" cellspacing=\"0\">\n            <tr style=\"border: hidden;\">\n              <td width=\"320\" height=\"75\"><div><img loading=\"lazy\" decoding=\"async\" src=\"https:\/\/sindimoveis-go.org.br\/gerenciador\/administrativo\/imagens\/configuradas\/noticias\/6.jpg\" alt=\"\" width=\"320\" height=\"195\" align=\"left\" style=\"display: inline-block; margin-right: 6px;\" \/><\/div>\n              <div style=\"display: inline-block;\"><strong>Conhe\u00e7a o Trabalho do Corretor de Im\u00f3veis e Suas Vantagens<\/strong><\/div>\n              <div align=\"left\"><span style=\"font-size: 11px;\">Publicado em 10\/09\/2022&nbsp;&nbsp;<\/span><\/div>\n              Para compreender a import\u00e2ncia do trabalho de assessoria imobili\u00e1ria, \u00e9 preciso conhecer quais as vantagens oferecidas por essa atividade...              \n              <\/td>\n            <\/tr>\n    <\/table>\n        <\/div>\n<div style=\"margin: 3px; display: inline-block;\" class=\"CaixaDeNoticias\" onclick=\"window.open('https:\/\/sindimoveis-go.org.br\/site\/index.php\/detalhenoticia\/?Id=2','_parent');\">\n          <table width=\"100%\" border=\"0\" align=\"center\" cellpadding=\"0\" cellspacing=\"0\">\n            <tr style=\"border: hidden;\">\n              <td width=\"320\" height=\"75\"><div><img loading=\"lazy\" decoding=\"async\" src=\"https:\/\/sindimoveis-go.org.br\/gerenciador\/administrativo\/imagens\/configuradas\/noticias\/2.png\" alt=\"\" width=\"320\" height=\"195\" align=\"left\" style=\"display: inline-block; margin-right: 6px;\" \/><\/div>\n              <div style=\"display: inline-block;\"><strong>21 Torneio de Futebol Society<\/strong><\/div>\n              <div align=\"left\"><span style=\"font-size: 11px;\">Publicado em 08\/09\/2022&nbsp;&nbsp;<\/span><\/div>\n              Trof\u00e9u - Edmar Ferreira Perilo              \n              <\/td>\n            <\/tr>\n    <\/table>\n        <\/div>\n<div style=\"margin: 3px; display: inline-block;\" class=\"CaixaDeNoticias\" onclick=\"window.open('https:\/\/sindimoveis-go.org.br\/site\/index.php\/detalhenoticia\/?Id=4','_parent');\">\n          <table width=\"100%\" border=\"0\" align=\"center\" cellpadding=\"0\" cellspacing=\"0\">\n            <tr style=\"border: hidden;\">\n              <td width=\"320\" height=\"75\"><div><img loading=\"lazy\" decoding=\"async\" src=\"https:\/\/sindimoveis-go.org.br\/gerenciador\/administrativo\/imagens\/configuradas\/noticias\/4.png\" alt=\"\" width=\"320\" height=\"195\" align=\"left\" style=\"display: inline-block; margin-right: 6px;\" \/><\/div>\n              <div style=\"display: inline-block;\"><strong>C\u00e2mara Municipal de Goi\u00e2nia celebra o\u00a0Dia Nacional do Corretor de Im\u00f3veis<\/strong><\/div>\n              <div align=\"left\"><span style=\"font-size: 11px;\">Publicado em 26\/08\/2022&nbsp;&nbsp;<\/span><\/div>\n              A C\u00e2mara Municipal de Goi\u00e2nia realizou a Sess\u00e3o Solene em homenagem ao Dia Nacional do Corretor de Im\u00f3veis.              \n              <\/td>\n            <\/tr>\n    <\/table>\n        <\/div>\n<div style=\"margin: 3px; display: inline-block;\" class=\"CaixaDeNoticias\" onclick=\"window.open('https:\/\/sindimoveis-go.org.br\/site\/index.php\/detalhenoticia\/?Id=3','_parent');\">\n          <table width=\"100%\" border=\"0\" align=\"center\" cellpadding=\"0\" cellspacing=\"0\">\n            <tr style=\"border: hidden;\">\n              <td width=\"320\" height=\"75\"><div><img loading=\"lazy\" decoding=\"async\" src=\"https:\/\/sindimoveis-go.org.br\/gerenciador\/administrativo\/imagens\/configuradas\/noticias\/3.png\" alt=\"\" width=\"320\" height=\"195\" align=\"left\" style=\"display: inline-block; margin-right: 6px;\" \/><\/div>\n              <div style=\"display: inline-block;\"><strong>Sindim\u00f3veis Goi\u00e1s completa 75 anos de exist\u00eancia<\/strong><\/div>\n              <div align=\"left\"><span style=\"font-size: 11px;\">Publicado em 25\/08\/2022&nbsp;&nbsp;<\/span><\/div>\n              Voc\u00ea faz parte desta hist\u00f3ria              \n              <\/td>\n            <\/tr>\n    <\/table>\n        <\/div>\n<div style=\"margin: 3px; display: inline-block;\" class=\"CaixaDeNoticias\" onclick=\"window.open('https:\/\/sindimoveis-go.org.br\/site\/index.php\/detalhenoticia\/?Id=1','_parent');\">\n          <table width=\"100%\" border=\"0\" align=\"center\" cellpadding=\"0\" cellspacing=\"0\">\n            <tr style=\"border: hidden;\">\n              <td width=\"320\" height=\"75\"><div><img loading=\"lazy\" decoding=\"async\" src=\"https:\/\/sindimoveis-go.org.br\/gerenciador\/administrativo\/imagens\/configuradas\/noticias\/1.png\" alt=\"\" width=\"320\" height=\"195\" align=\"left\" style=\"display: inline-block; margin-right: 6px;\" \/><\/div>\n              <div style=\"display: inline-block;\"><strong>Parceria com portal acheocorretor.com.br<\/strong><\/div>\n              <div align=\"left\"><span style=\"font-size: 11px;\">Publicado em 01\/01\/2022&nbsp;&nbsp;<\/span><\/div>\n              A SindImoveis-GO em parceria com o portal acheocorretor est\u00c3\u00a1 disponibilizando o link de direcionamento para o maior portal de contato de corretores de im\u00c3\u00b3veis.              \n              <\/td>\n            <\/tr>\n    <\/table>\n        <\/div>\n<\/div>\n","protected":false},"excerpt":{"rendered":"<p>Mantenha-se informado com as not\u00edcias do Sindimoveis-GO.<\/p>\n","protected":false},"author":1,"featured_media":0,"parent":0,"menu_order":4,"comment_status":"closed","ping_status":"closed","template":"template-parts\/template-full-width.php","meta":{"footnotes":""},"class_list":["post-27","page","type-page","status-publish","hentry"],"_links":{"self":[{"href":"https:\/\/sindimoveis-go.org.br\/site\/index.php\/wp-json\/wp\/v2\/pages\/27","targetHints":{"allow":["GET"]}}],"collection":[{"href":"https:\/\/sindimoveis-go.org.br\/site\/index.php\/wp-json\/wp\/v2\/pages"}],"about":[{"href":"https:\/\/sindimoveis-go.org.br\/site\/index.php\/wp-json\/wp\/v2\/types\/page"}],"author":[{"embeddable":true,"href":"https:\/\/sindimoveis-go.org.br\/site\/index.php\/wp-json\/wp\/v2\/users\/1"}],"replies":[{"embeddable":true,"href":"https:\/\/sindimoveis-go.org.br\/site\/index.php\/wp-json\/wp\/v2\/comments?post=27"}],"version-history":[{"count":11,"href":"https:\/\/sindimoveis-go.org.br\/site\/index.php\/wp-json\/wp\/v2\/pages\/27\/revisions"}],"predecessor-version":[{"id":244,"href":"https:\/\/sindimoveis-go.org.br\/site\/index.php\/wp-json\/wp\/v2\/pages\/27\/revisions\/244"}],"wp:attachment":[{"href":"https:\/\/sindimoveis-go.org.br\/site\/index.php\/wp-json\/wp\/v2\/media?parent=27"}],"curies":[{"name":"wp","href":"https:\/\/api.w.org\/{rel}","templated":true}]}}